{"id":1424,"date":"2020-11-03T15:35:05","date_gmt":"2020-11-03T15:35:05","guid":{"rendered":"http:\/\/ariaxfoto.com\/?page_id=1424"},"modified":"2020-11-03T15:35:05","modified_gmt":"2020-11-03T15:35:05","slug":"politica-de-privacidad-2","status":"publish","type":"page","link":"https:\/\/ariaxfoto.sitiomio.es\/?page_id=1424","title":{"rendered":"pol\u00edtica de privacidad"},"content":{"rendered":"\t\t<div data-elementor-type=\"wp-page\" data-elementor-id=\"1424\" class=\"elementor elementor-1424\">\n\t\t\t\t\t\t<section class=\"elementor-section elementor-top-section elementor-element elementor-element-ef6ca8b elementor-section-full_width elementor-section-stretched elementor-section-height-default elementor-section-height-default\" data-id=\"ef6ca8b\" data-element_type=\"section\" data-settings=\"{&quot;stretch_section&quot;:&quot;section-stretched&quot;}\">\n\t\t\t\t\t\t<div class=\"elementor-container elementor-column-gap-default\">\n\t\t\t\t\t<div class=\"elementor-column elementor-col-100 elementor-top-column elementor-element elementor-element-8ce578a\" data-id=\"8ce578a\" data-element_type=\"column\">\n\t\t\t<div class=\"elementor-widget-wrap elementor-element-populated\">\n\t\t\t\t\t\t<div class=\"elementor-element elementor-element-ced9a55 elementor-widget elementor-widget-text-editor\" data-id=\"ced9a55\" data-element_type=\"widget\" data-widget_type=\"text-editor.default\">\n\t\t\t\t<div class=\"elementor-widget-container\">\n\t\t\t<style>\/*! elementor - v3.21.0 - 15-04-2024 *\/\n.elementor-widget-text-editor.elementor-drop-cap-view-stacked .elementor-drop-cap{background-color:#69727d;color:#fff}.elementor-widget-text-editor.elementor-drop-cap-view-framed .elementor-drop-cap{color:#69727d;border:3px solid;background-color:transparent}.elementor-widget-text-editor:not(.elementor-drop-cap-view-default) .elementor-drop-cap{margin-top:8px}.elementor-widget-text-editor:not(.elementor-drop-cap-view-default) .elementor-drop-cap-letter{width:1em;height:1em}.elementor-widget-text-editor .elementor-drop-cap{float:left;text-align:center;line-height:1;font-size:50px}.elementor-widget-text-editor .elementor-drop-cap-letter{display:inline-block}<\/style>\t\t\t\t<p><strong>T\u00c9RMINOS DE USO Y POL\u00cdTICA DE PRIVACIDAD&nbsp; <\/strong><\/p>\n<p><strong>&nbsp;<\/strong><\/p>\n<p><\/p>\n<p><strong>AVISO LEGAL<\/strong><\/p>\n<p>En cumplimiento con el deber de informaci\u00f3n recogido en art\u00edculo 10 de la Ley 34\/2002, de 11 de julio, de Servicios de la Sociedad de la Informaci\u00f3n y del Comercio Electr\u00f3nico (LSSI) a continuaci\u00f3n, se reflejan los siguientes datos, as\u00ed como informaci\u00f3n a los usuarios del sitio web respecto a cu\u00e1les son las condiciones de uso.<\/p>\n<p>La persona titular del dominio web <strong>www.ariaxfoto.com<\/strong> es Ariadna R. S. (en adelante <strong>ariaxfoto.com<\/strong>), con domicilio en Alcal\u00e1 de Henares (Madrid),&nbsp;<\/p>\n<p>C\/ Gran Canal, 1.<\/p>\n<p>Correo electr\u00f3nico de contacto: <b>ariaxfoto@gmail.com<\/b>.<\/p>\n<p><strong>USUARIOS<\/strong>: El acceso y\/o uso de este sitio web ariaxfoto.com atribuye la condici\u00f3n de <strong>USUARIO<\/strong>, que acepta, desde dicho acceso y\/o uso, los presentes t\u00e9rminos de uso.<\/p>\n<p><strong>USO DEL SITIO WEB:<\/strong> <b>www.ariaxfoto.com<\/b> proporciona el acceso a art\u00edculos, informaciones y datos (en adelante, los contenidos) propiedad de ariaxfoto.com. El <strong>USUARIO<\/strong> asume la responsabilidad del uso de la web.<\/p>\n<p>El <strong>USUARIO<\/strong> se compromete a hacer un uso adecuado de los contenidos que <b>ariaxfoto.com<\/b> ofrece a trav\u00e9s de su web y con car\u00e1cter enunciativo, pero no limitativo, a no emplearlos para:<\/p>\n<p>incurrir en actividades il\u00edcitas, ilegales o contrarias a la buena fe y al orden p\u00fablico; difundir contenidos o propaganda de car\u00e1cter racista, xen\u00f3fobo, pornogr\u00e1fico-ilegal, de apolog\u00eda del terrorismo o atentatorio contra los derechos humanos; provocar da\u00f1os en los sistemas f\u00edsicos y l\u00f3gicos de <strong>ariaxfoto.com<\/strong>, de sus proveedores o de terceras personas, introducir o difundir en la red virus inform\u00e1ticos o cualesquiera otros sistemas f\u00edsicos o l\u00f3gicos que sean susceptibles de provocar los da\u00f1os anteriormente mencionados; intentar acceder y, en su caso, utilizar las cuentas de correo electr\u00f3nico de otros usuarios y modificar o manipular sus mensajes.<\/p>\n<p><strong>ariaxfoto.com<\/strong> se reserva el derecho de retirar todos aquellos comentarios y aportaciones que vulneren el respeto a la dignidad de la persona, que sean discriminatorios, xen\u00f3fobos, racistas, pornogr\u00e1ficos, que atenten contra la juventud o la infancia, el orden o la seguridad p\u00fablica o que, a su juicio, no resultaran adecuados para su publicaci\u00f3n.<\/p>\n<p>En cualquier caso, <strong>ariaxfoto.com<\/strong> no ser\u00e1 responsable de las opiniones vertidas por los usuarios a trav\u00e9s del blog u otras herramientas de participaci\u00f3n que puedan crearse, conforme a lo previsto en la normativa de aplicaci\u00f3n.<\/p>\n<p><\/p>\n<p><strong>POL\u00cdTICA DE PRIVACIDAD. PROTECCI\u00d3N DE DATOS:<\/strong><\/p>\n<p>Finalidad de los datos recabados y CONSENTIMIENTO al tratamiento. &#8211;<\/p>\n<p>Se informa al<strong> USUARIO<\/strong> que, mediante los formularios de registro de la web, se recaban datos, con la exclusiva finalidad de env\u00edo de comunicaciones electr\u00f3nicas, tales como: boletines (newsletters), nuevas entradas (posts), as\u00ed como otras comunicaciones que <b>ariaxfoto<\/b>.<b>com <\/b>entiende interesantes para sus <strong>USUARIOS<\/strong>. Los campos marcados como de cumplimentaci\u00f3n obligatoria, son imprescindibles para realizar la finalidad expresada.<\/p>\n<p>\u00danicamente <strong>ariaxfoto.com<\/strong> tendr\u00e1 acceso a sus datos, y bajo ning\u00fan concepto, estos datos ser\u00e1n cedidos, compartidos, transferidos, ni vendidos a ning\u00fan tercero.<\/p>\n<p>La aceptaci\u00f3n de la pol\u00edtica de privacidad,&nbsp; mediante el procedimiento establecido de doble opt-in,&nbsp; se entender\u00e1 a todos los efectos como la prestaci\u00f3n de consentimiento inequ\u00edvoco del <strong>USUARIO<\/strong> al tratamiento de los datos de car\u00e1cter personal en los t\u00e9rminos que se exponen en el presente documento, as\u00ed como a la transferencia internacional de datos que se produce, exclusivamente debido a la ubicaci\u00f3n f\u00edsica de las instalaciones de los proveedores de servicios y encargados del tratamiento de datos.<\/p>\n<p>Cumplimiento de la normativa de aplicaci\u00f3n. &#8211;<\/p>\n<p><strong>ariaxfoto.com<\/strong> cumple con las directrices del Reglamento (UE) 2016\/679 General de Protecci\u00f3n de Datos (RGPD) de 27 de abril de 2016 y de la Ley Org\u00e1nica 3\/2018 de 5 de diciembre de Protecci\u00f3n de Datos Personales y garant\u00eda de los derechos digitales (LOPDGDD), velando por garantizar un correcto uso y tratamiento de los datos personales del usuario.<\/p>\n<p>Asimismo, <strong>ariaxfoto.com<\/strong> informa que da cumplimiento a la Ley 34\/2002 de 11 de julio, de Servicios de la Sociedad de la Informaci\u00f3n y el Comercio Electr\u00f3nico y le solicitar\u00e1 su consentimiento al <strong>USUARIO<\/strong> para el tratamiento de su correo electr\u00f3nico con fines comerciales en cada momento.<\/p>\n<p><strong>Derechos del interesado.&nbsp;<\/strong><\/p>\n<p>-Le informamos que los datos suministrados, ser\u00e1n tratados para la finalidad de atender su solicitud y el mantenimiento de la relaci\u00f3n que se establezca en los formularios que suscriba.<\/p>\n<p>Adicionalmente, se tratar\u00e1n los datos del usuario con la finalidad de remitir comunicaciones comerciales siempre y cuando se haya prestado el consentimiento informado, espec\u00edfico, libre e inequ\u00edvoco a tal fin.<\/p>\n<p>Como interesado, est\u00e1 facultado para ejercitar los siguientes derechos que la normativa en materia de protecci\u00f3n de datos le reconoce de forma expresa, conforme a lo previsto en la misma:<\/p>\n<p>\u2013 Derecho de ACCESO a sus datos personales<\/p>\n<p>\u2013 Derecho de solicitar la RECTIFICACI\u00d3N de los datos inexactos<\/p>\n<p>\u2013 Derecho de solicitar la SUPRESI\u00d3N de sus datos, cuando, entre otros motivos, los datos ya no sean necesarios para los fines que fueron recogidos.<\/p>\n<p>\u2013 En determinadas circunstancias, podr\u00e1 solicitar la LIMITACI\u00d3N DEL TRATAMIENTO de tus datos, en cuyo caso \u00fanicamente los conservaremos para el ejercicio o la defensa de reclamaciones.<\/p>\n<p>\u2013 En determinadas circunstancias y por motivos relacionados con tu situaci\u00f3n particular, podr\u00e1 ejercitar su&nbsp; derecho de OPOSICI\u00d3N al tratamiento de tus datos. Dejaremos de tratar los datos, salvo por motivos leg\u00edtimos imperiosos, o el ejercicio o la defensa de posibles reclamaciones.<\/p>\n<p>\u2013 En determinadas circunstancias y por motivos relacionados con tu situaci\u00f3n particular, podr\u00e1 solicitar su derecho a la PORTABILIDAD de los datos. Se trata de un derecho complementario al derecho de acceso, ya que permite obtener los datos que nos ha proporcionado en un formato estructurado, de uso com\u00fan y de lectura mec\u00e1nica, pudiendo ser transmitidos de forma directa a otra entidad previa petici\u00f3n del Interesado.<\/p>\n<p>Podr\u00e1 ejercer tales derechos, solicitando por cualquier medio que deje constancia de su env\u00edo y de su recepci\u00f3n, expresando claramente su voluntad en tal sentido y, en su caso, acompa\u00f1ando copia del DNI y\/o cualquier otra documentaci\u00f3n acreditativa de tu identidad, dirigi\u00e9ndote a la direcci\u00f3n de correo electr\u00f3nico antes indicada, o a la direcci\u00f3n postal anteriormente indicada.<\/p>\n<p><strong>Per\u00edodo de conservaci\u00f3n<\/strong><\/p>\n<p>Los Datos Personales ser\u00e1n tratados y conservados durante el tiempo necesario y para la finalidad por la que han sido recogidos.<\/p>\n<p>Los Datos Personales recogidos para la formalizaci\u00f3n de un contrato entre el Titular y el Usuario deber\u00e1n conservarse como tales hasta en tanto dicho contrato se haya formalizado por completo.<\/p>\n<p>Los Datos Personales recogidos en leg\u00edtimo inter\u00e9s de ariaxfoto.com deber\u00e1n conservarse durante el tiempo necesario para cumplir con dicha finalidad.&nbsp;<\/p>\n<p><strong>ariaxfoto.com<\/strong> podr\u00e1 conservar los Datos Personales durante un periodo adicional cuando el Usuario preste su consentimiento a tal tratamiento, siempre que dicho consentimiento siga vigente.&nbsp;<\/p>\n<p>Una vez terminado el per\u00edodo de conservaci\u00f3n, los Datos Personales deber\u00e1n eliminarse. Por lo tanto, los derechos de acceso, modificaci\u00f3n, rectificaci\u00f3n y portabilidad de datos no podr\u00e1n ejercerse una vez haya expirado dicho periodo.<\/p>\n<p><strong>Informaci\u00f3n adicional acerca de los datos.<\/strong><\/p>\n<p>Servicio de hosting: Profesional Hosting.<\/p>\n<p>Datos Personales recogidos: distintas clases de Datos, seg\u00fan se especifica en la Pol\u00edtica de Privacidad del servicio.<\/p>\n<p>Pertenece a Soluciones Web On-Line S.L.<\/p>\n<p>Casi el 90% de toda la infraestructura se encuentra en un Centro de Datos (Interxion) ubicado en Madrid, Espa\u00f1a.<\/p>\n<p>En caso de que considere que se ha vulnerado cualquiera de tus derechos, como interesado, est\u00e1s facultado para presentar una reclamaci\u00f3n ante la Agencia Espa\u00f1ola de Protecci\u00f3n de Datos (AEPD), sita en C\/ Jorge Juan, 6, 28001-Madrid https:\/\/www.aepd.es\/ o a trav\u00e9s de la sede electr\u00f3nica de la AEPD: https:\/\/sedeagpd.gob.es\/sede-electronica-web\/.<\/p>\n<p><strong>POL\u00cdTICA DE \u00abCOOKIES\u00bb<\/strong><\/p>\n<p>Una cookie es un archivo de informaci\u00f3n que el servidor de este sitio web env\u00eda al dispositivo (ordenador, smartphone, Tablet, etc.) de quien accede a la p\u00e1gina para almacenar y recuperar informaci\u00f3n sobre la navegaci\u00f3n que se efect\u00faa desde dicho equipo.<\/p>\n<p><strong>ariaxfoto.com<\/strong> utiliza diversos tipos de cookies (t\u00e9cnicas, anal\u00edticas y sociales) \u00fanicamente con la finalidad de mejorar la navegaci\u00f3n del usuario en el sitio web, sin ning\u00fan tipo de objeto publicitario o similar, para el an\u00e1lisis y elaboraci\u00f3n de estad\u00edsticas de la navegaci\u00f3n que el <strong>USUARIO<\/strong> realiza en el sitio web, a\u00ed como para compartir los contenidos en redes sociales (Google+, Twitter, LinkedIn)<\/p>\n<p><strong>ariaxfoto.com<\/strong> utiliza en este sitio web las cookies que se detallan a continuaci\u00f3n:<\/p>\n<p><strong>Cookies t\u00e9cnicas:<\/strong> Son aqu\u00e9llas que permiten al <strong>USUARIO<\/strong> la navegaci\u00f3n a trav\u00e9s de la p\u00e1gina web y la utilizaci\u00f3n de las diferentes opciones o servicios que en ella existen como, por ejemplo, controlar el tr\u00e1fico y la comunicaci\u00f3n de datos, identificar la sesi\u00f3n, acceder a partes de acceso restringido, recordar los elementos que integran un pedido, realizar el proceso de compra de un pedido, realizar la solicitud de inscripci\u00f3n o participaci\u00f3n en un evento, utilizar elementos de seguridad durante la navegaci\u00f3n, almacenar contenidos para la difusi\u00f3n de v\u00eddeos o sonido o compartir contenidos a trav\u00e9s de redes sociales.<\/p>\n<p><strong>Cookies de Google Analytics:<\/strong> Son cookies de terceros (Google Inc.) de an\u00e1lisis que permiten el seguimiento y an\u00e1lisis del comportamiento de los <strong>USUARIOS<\/strong> de los sitios web a los que est\u00e1n vinculadas. La informaci\u00f3n recogida mediante este tipo de cookies se utiliza en la medici\u00f3n de la actividad de los sitios web, aplicaci\u00f3n o plataforma y para la elaboraci\u00f3n de perfiles de navegaci\u00f3n de los <strong>USUARIOS<\/strong> de dichos sitios, aplicaciones y plataformas, con el fin de introducir mejoras en funci\u00f3n del an\u00e1lisis de los datos de uso que hacen los <strong>USUARIOS<\/strong> del servicio.<\/p>\n<p>Google Analytics, almacena las cookies en servidores ubicados en Estados Unidos y se compromete a no compartirla con terceros, excepto en los casos en los que sea necesario para el funcionamiento del sistema o cuando la ley obligue a tal efecto. Seg\u00fan Google no guarda la direcci\u00f3n IP del <strong>USUARIO.<\/strong><\/p>\n<p>M\u00e1s informaci\u00f3n sobre Google Analytics en los siguientes enlaces:<\/p>\n<p>www.google.com\/analytics\/ y http:\/\/www.google.com\/intl\/es\/policies\/privacy\/<\/p>\n<p>Si deseas informaci\u00f3n sobre el uso que Google da a las cookies adjuntamos este otro enlace:<\/p>\n<p>https:\/\/developers.google.com\/analytics\/devguides\/collection\/analyticsjs\/cookie-usage?hl=es&csw=1).<\/p>\n<p><strong>Cookies sociales:<\/strong> Google+, Facebook, YouTube, Twitter, etc.: cookies de terceros, es decir, redes sociales externas y de terceros, cuya temporalidad y finalidad depende de cada red social.<\/p>\n<p>El <strong>usuario<\/strong> podr\u00e1 -en cualquier momento- elegir qu\u00e9 cookies quiere que funcionen en este sitio web mediante:<\/p>\n<p>\u2013 La configuraci\u00f3n del navegador; por ejemplo:<\/p>\n<p>Chrome, en: http:\/\/support.google.com\/chrome\/bin\/answer.py?hl=es&amp;answer=95647<\/p>\n<p>Explorer, en: http:\/\/windows.microsoft.com\/es-es\/windows7\/how-to-manage-cookies-in-internet-explorer-9<\/p>\n<p>Firefox, en: http:\/\/support.mozilla.org\/es\/kb\/habilitar-y-deshabilitar-cookies-que-los-sitios-we<\/p>\n<p>Safari, en: http:\/\/support.apple.com\/kb\/ph5042<\/p>\n<p>Opera, desde: http:\/\/help.opera.com\/Windows\/11.50\/es-ES\/cookies.html<\/p>\n<p>\u2013 Existen herramientas de terceros, disponibles on line, que permiten a los usuarios detectar las cookies en cada sitio web que visita y gestionar su desactivaci\u00f3n.<\/p>\n<p>Ni esta web, ni sus representantes legales se hacen responsables ni del contenido ni de la veracidad de las pol\u00edticas de privacidad que puedan tener los terceros mencionados en esta pol\u00edtica de cookies.<\/p>\n<p>Los navegadores web son las herramientas encargadas de almacenar las cookies y desde esos navegadores debes efectuar tu derecho a eliminaci\u00f3n o desactivaci\u00f3n de las mismas. Ni esta web ni sus representantes legales pueden garantizar la correcta o incorrecta manipulaci\u00f3n de las cookies por parte de los mencionados navegadores.<\/p>\n<p>En algunos casos es necesario instalar cookies para que el navegador no olvide tu decisi\u00f3n de no aceptaci\u00f3n de las mismas.<\/p>\n<p>&nbsp;La aceptaci\u00f3n de la presente pol\u00edtica de privacidad implica que el usuario ha sido informado de una forma clara y completa sobre el uso de dispositivos de almacenamiento y recuperaci\u00f3n de datos (cookies) as\u00ed como que ariaxfoto.com dispone del consentimiento del usuario para el uso de las mismas tal y como establece el art\u00edculo 22 de la Ley 34\/2002, de 11 de julio, de Servicios de la Sociedad de la Informaci\u00f3n y Comercio Electr\u00f3nico (LSSI-CE).<\/p>\n<p>Para cualquier duda o consulta acerca de pol\u00edtica de cookies visite<\/p>\n<p>http:\/\/www.interior.gob.es\/politica-de-cookies.<\/p>\n<p><strong>Menores de edad: <\/strong>La web de <strong>ariaxfoto.com<\/strong> no se dirige a menores de edad. El titular de la web declina cualquier responsabilidad por el incumplimiento de este requisito.<br><span style=\"color: var( --e-global-color-text ); letter-spacing: -0.4px;\"><strong>Modificaci\u00f3n de la Pol\u00edtica de Privacidad:<\/strong> <\/span><strong>ariaxfoto.com<\/strong> se reserva el derecho a modificar su Pol\u00edtica de Privacidad, de acuerdo a su propio criterio, motivado por un cambio legislativo, jurisprudencial o doctrinal de la Agencia Espa\u00f1ola de Protecci\u00f3n de Datos.<\/p>\n<p>Cualquier modificaci\u00f3n de la Pol\u00edtica de Privacidad ser\u00e1 publicada al menos diez d\u00edas antes de su efectiva aplicaci\u00f3n. El uso de la Web despu\u00e9s de dichos cambios, implicar\u00e1 la aceptaci\u00f3n de los mismos.<\/p>\n<p><\/p>\n<p><strong>PROPIEDAD INTELECTUAL E INDUSTRIAL:<\/strong> <strong>ariaxfoto.com<\/strong> es titular de todos los derechos de autor,&nbsp; propiedad intelectual e industrial de su p\u00e1gina web, as\u00ed como de los elementos contenidos en la misma (a t\u00edtulo enunciativo, im\u00e1genes, sonido, audio, v\u00eddeo, software o textos; marcas o logotipos, combinaciones de colores, estructura y dise\u00f1o, selecci\u00f3n de materiales usados, programas de ordenador necesarios para su funcionamiento, acceso y uso, etc.), titularidad de ariaxfoto.com o bien de sus licenciantes. Todos los derechos reservados.<\/p>\n<p>Cualquier uso no autorizado previamente por ariaxfoto.com, ser\u00e1 considerado un incumplimiento grave de los derechos de propiedad intelectual o industrial del autor.<\/p>\n<p>Quedan expresamente prohibidas la reproducci\u00f3n, la distribuci\u00f3n y la comunicaci\u00f3n p\u00fablica, incluida su modalidad de puesta a disposici\u00f3n, de la totalidad o parte de los contenidos de esta p\u00e1gina web, con fines comerciales, en cualquier soporte y por cualquier medio t\u00e9cnico, sin la autorizaci\u00f3n de ariaxfoto.com.<\/p>\n<p><\/p>\n<p>El <strong>USUARIO<\/strong> se compromete a respetar los derechos de Propiedad Intelectual e Industrial titularidad de <b>ariaxfoto.com<\/b>. El <strong>USUARIO<\/strong> deber\u00e1 abstenerse de suprimir, alterar, eludir o manipular cualquier dispositivo de protecci\u00f3n o sistema de seguridad que estuviera instalado en las p\u00e1ginas de <b>ariaxfoto.com<\/b>.<\/p>\n<p><\/p>\n<p><strong>EXCLUSI\u00d3N DE GARANT\u00cdAS Y RESPONSABILIDAD:<\/strong><\/p>\n<p><strong>ariaxfoto.com<\/strong> no se hace responsable, en ning\u00fan caso, de los da\u00f1os y perjuicios de cualquier naturaleza que pudieran ocasionar, a t\u00edtulo enunciativo: por errores u omisiones en los contenidos, por falta de disponibilidad del sitio web \u2013 el cual realizar\u00e1 paradas peri\u00f3dicas por mantenimientos t\u00e9cnicos \u2013 as\u00ed como por la transmisi\u00f3n de virus o programas maliciosos o lesivos en los contenidos, a pesar de haber adoptado todas las medidas tecnol\u00f3gicas necesarias para evitarlo.<\/p>\n<p><strong>ariaxfoto.com<\/strong> se exime de cualquier tipo de responsabilidad derivada de la informaci\u00f3n publicada en su sitio web siempre que esta informaci\u00f3n haya sido manipulada o introducida por un tercero ajeno al mismo.<\/p>\n<p><\/p>\n<p><strong>MODIFICACIONES:<\/strong> <strong>ariaxfoto.com<\/strong> se reserva el derecho de efectuar sin previo aviso las modificaciones que considere oportunas en su web, pudiendo cambiar, suprimir o a\u00f1adir tanto los contenidos y servicios que se presten a trav\u00e9s de la misma como la forma en la que \u00e9stos aparezcan presentados o localizados en su web.<\/p>\n<p><\/p>\n<p><strong>POL\u00cdTICA DE ENLACES:<\/strong><\/p>\n<p>Las personas o entidades que pretendan realizar o realicen un hiperenlace desde una p\u00e1gina web de otro portal de Internet a la web de ariaxfoto.com deber\u00e1 someterse a las siguientes condiciones:<\/p>\n<p>\u2013 No se permite la reproducci\u00f3n total o parcial de ninguno de los servicios ni contenidos del sitio web sin la previa autorizaci\u00f3n expresa de ariaxfoto.co<\/p>\n<p><span style=\"color: var( --e-global-color-text ); letter-spacing: -0.4px;\">\u2013 No se establecer\u00e1n Deep-links ni enlaces IMG o de imagen, ni frames con la web de ariaxfoto.com sin su previa autorizaci\u00f3n expresa.<\/span><\/p>\n<p>\u2013 No se establecer\u00e1 ninguna manifestaci\u00f3n falsa, inexacta o incorrecta sobre la web de ariaxfoto.com, ni sobre los servicios o contenidos de la misma. Salvo aquellos signos que formen parte del hiperv\u00ednculo, la p\u00e1gina web en la que se establezca no contendr\u00e1 ninguna marca, nombre comercial, r\u00f3tulo de establecimiento, denominaci\u00f3n, logotipo, eslogan u otros signos distintivos pertenecientes a <b>ariaxfoto.com<\/b>, salvo autorizaci\u00f3n expresa de \u00e9ste.<\/p>\n<p>\u2013 El establecimiento del hiperv\u00ednculo no implicar\u00e1 la existencia de relaciones entre ariaxfoto.com y el titular de la p\u00e1gina web o del portal desde el cual se realice, ni el conocimiento y aceptaci\u00f3n de ariaxfoto.com de los servicios y contenidos ofrecidos en dicha p\u00e1gina web o portal.<\/p>\n<p><strong>ariaxfoto.com<\/strong> no ser\u00e1 responsable de los contenidos o servicios puestos a disposici\u00f3n del p\u00fablico en la p\u00e1gina web o portal desde el cual se realice el hiperv\u00ednculo, ni de las informaciones y manifestaciones incluidas en los mismos.<\/p>\n<p>El sitio web de <strong>ariaxfoto.com<\/strong> puede poner a disposici\u00f3n del usuario conexiones y enlaces o hiperv\u00ednculos a otros sitios web gestionados y controlados por terceros, que no son operados o controlados por ariaxfoto.com. Dichos enlaces tienen como exclusiva funci\u00f3n, la de facilitar a los usuarios la b\u00fasqueda de informaci\u00f3n, contenidos y servicios en Internet, sin que en ning\u00fan caso pueda considerarse una sugerencia, recomendaci\u00f3n o invitaci\u00f3n para la visita de los mismos.<\/p>\n<p><strong>ariaxfoto.com<\/strong> no garantiza ni comercializa, ni dirige o controla previamente, ni hace propios los contenidos, servicios, informaciones y manifestaciones disponibles en dichos sitios web.<\/p>\n<p><strong>ariaxfoto.com<\/strong> no asume ning\u00fan tipo de responsabilidad, ni siquiera de forma indirecta o subsidiaria, por los da\u00f1os y perjuicios de toda clase que pudieran derivarse del acceso, mantenimiento, uso, calidad, licitud, fiabilidad y utilidad de los contenidos, informaciones, comunicaciones, opiniones, manifestaciones, productos y servicios existentes u ofrecidos en los sitios web no gestionados por <b>ariaxfoto.com<\/b> y que resulten accesibles a trav\u00e9s nuestra web.<\/p>\n<p>Por este motivo aconsejamos, antes de proporcionar su informaci\u00f3n personal a estos sitios web ajenos a ariaxfoto.com, tenga en cuenta que sus pr\u00e1cticas de privacidad pueden ser diferentes a las nuestras.<\/p>\n<p><\/p>\n<p><strong>DERECHO DE EXCLUSI\u00d3N: <\/strong><strong>ariaxfoto.com<\/strong> se reserva el derecho a denegar o retirar el acceso al portal y\/o los servicio ofrecidos sin necesidad de preaviso, a instancia propia o de un tercero, a aquellos usuarios que incumplan las presentes&nbsp;<\/p>\n<p>Condiciones Generales de Uso.<\/p>\n<p><\/p>\n<p><strong>GENERALIDADES:<\/strong> <strong>ariaxfoto.com<\/strong> perseguir\u00e1 el incumplimiento de las presentes condiciones, as\u00ed como cualquier utilizaci\u00f3n&nbsp;<span style=\"color: var( --e-global-color-text ); letter-spacing: -0.4px;\">indebida<\/span><\/p>\n<p>de su web ejerciendo todas las acciones civiles y penales que le puedan corresponder en derecho.<\/p>\n<p><\/p>\n<p><strong>MODIFICACI\u00d3N DE LAS CONDICIONES Y DURACI\u00d3N:<\/strong> <strong>ariaxfoto.com&nbsp;<\/strong> podr\u00e1 modificar en cualquier momento las condiciones aqu\u00ed&nbsp; determinadas, siendo debidamente publicadas como aqu\u00ed aparecen. La vigencia de las citadas condiciones ir\u00e1 en funci\u00f3n de su exposici\u00f3n y estar\u00e1n vigentes hasta que sean modificadas por otras debidamente publicadas.<\/p>\n<p><span style=\"color: var( --e-global-color-text ); letter-spacing: -0.4px;\"><strong>LEGISLACI\u00d3N APLICABLE: <\/strong><\/span><span style=\"color: var( --e-global-color-text ); letter-spacing: -0.4px;\">La relaci\u00f3n entre ariaxfoto.com y el <\/span><strong style=\"color: var( --e-global-color-text ); letter-spacing: -0.4px;\">USUARIO<\/strong><span style=\"color: var( --e-global-color-text ); letter-spacing: -0.4px;\"> se regir\u00e1 por la normativa espa\u00f1ola vigente y cualquier controversia se someter\u00e1 a los Juzgados y Tribunales que correspondan<\/span><\/p>\n<p><\/p>\t\t\t\t\t\t<\/div>\n\t\t\t\t<\/div>\n\t\t\t\t\t<\/div>\n\t\t<\/div>\n\t\t\t\t\t<\/div>\n\t\t<\/section>\n\t\t\t\t<\/div>\n\t\t","protected":false},"excerpt":{"rendered":"<p>T\u00c9RMINOS DE USO Y POL\u00cdTICA DE PRIVACIDAD&nbsp; &nbsp; AVISO LEGAL En cumplimiento con el deber de informaci\u00f3n recogido en art\u00edculo 10 de la Ley 34\/2002, de 11 de julio, de Servicios de la Sociedad de la Informaci\u00f3n y del Comercio Electr\u00f3nico (LSSI) a continuaci\u00f3n, se reflejan los siguientes datos, as\u00ed como informaci\u00f3n a los usuarios &#8230; <a title=\"pol\u00edtica de privacidad\" class=\"read-more\" href=\"https:\/\/ariaxfoto.sitiomio.es\/?page_id=1424\" aria-label=\"Leer m\u00e1s sobre pol\u00edtica de privacidad\">Leer m\u00e1s<\/a><\/p>\n","protected":false},"author":1,"featured_media":0,"parent":0,"menu_order":0,"comment_status":"closed","ping_status":"closed","template":"","meta":{"footnotes":""},"class_list":["post-1424","page","type-page","status-publish"],"yoast_head":"<!-- This site is optimized with the Yoast SEO plugin v22.5 - https:\/\/yoast.com\/wordpress\/plugins\/seo\/ -->\n<title>pol\u00edtica de privacidad - FOTOGRAF\u00cdA ARIAXFOTO<\/title>\n<meta name=\"robots\" content=\"index, follow, max-snippet:-1, max-image-preview:large, max-video-preview:-1\" \/>\n<link rel=\"canonical\" href=\"https:\/\/ariaxfoto.sitiomio.es\/?page_id=1424\" \/>\n<meta property=\"og:locale\" content=\"es_ES\" \/>\n<meta property=\"og:type\" content=\"article\" \/>\n<meta property=\"og:title\" content=\"pol\u00edtica de privacidad - FOTOGRAF\u00cdA ARIAXFOTO\" \/>\n<meta property=\"og:description\" content=\"T\u00c9RMINOS DE USO Y POL\u00cdTICA DE PRIVACIDAD&nbsp; &nbsp; AVISO LEGAL En cumplimiento con el deber de informaci\u00f3n recogido en art\u00edculo 10 de la Ley 34\/2002, de 11 de julio, de Servicios de la Sociedad de la Informaci\u00f3n y del Comercio Electr\u00f3nico (LSSI) a continuaci\u00f3n, se reflejan los siguientes datos, as\u00ed como informaci\u00f3n a los usuarios ... Leer m\u00e1s\" \/>\n<meta property=\"og:url\" content=\"https:\/\/ariaxfoto.sitiomio.es\/?page_id=1424\" \/>\n<meta property=\"og:site_name\" content=\"FOTOGRAF\u00cdA ARIAXFOTO\" \/>\n<meta name=\"twitter:card\" content=\"summary_large_image\" \/>\n<meta name=\"twitter:label1\" content=\"Tiempo de lectura\" \/>\n\t<meta name=\"twitter:data1\" content=\"16 minutos\" \/>\n<script type=\"application\/ld+json\" class=\"yoast-schema-graph\">{\"@context\":\"https:\/\/schema.org\",\"@graph\":[{\"@type\":\"WebPage\",\"@id\":\"https:\/\/ariaxfoto.sitiomio.es\/?page_id=1424\",\"url\":\"https:\/\/ariaxfoto.sitiomio.es\/?page_id=1424\",\"name\":\"pol\u00edtica de privacidad - FOTOGRAF\u00cdA ARIAXFOTO\",\"isPartOf\":{\"@id\":\"https:\/\/ariaxfoto.sitiomio.es\/#website\"},\"datePublished\":\"2020-11-03T15:35:05+00:00\",\"dateModified\":\"2020-11-03T15:35:05+00:00\",\"breadcrumb\":{\"@id\":\"https:\/\/ariaxfoto.sitiomio.es\/?page_id=1424#breadcrumb\"},\"inLanguage\":\"es\",\"potentialAction\":[{\"@type\":\"ReadAction\",\"target\":[\"https:\/\/ariaxfoto.sitiomio.es\/?page_id=1424\"]}]},{\"@type\":\"BreadcrumbList\",\"@id\":\"https:\/\/ariaxfoto.sitiomio.es\/?page_id=1424#breadcrumb\",\"itemListElement\":[{\"@type\":\"ListItem\",\"position\":1,\"name\":\"Portada\",\"item\":\"https:\/\/ariaxfoto.sitiomio.es\/\"},{\"@type\":\"ListItem\",\"position\":2,\"name\":\"pol\u00edtica de privacidad\"}]},{\"@type\":\"WebSite\",\"@id\":\"https:\/\/ariaxfoto.sitiomio.es\/#website\",\"url\":\"https:\/\/ariaxfoto.sitiomio.es\/\",\"name\":\"FOTOGRAF\u00cdA ARIAXFOTO\",\"description\":\"AriaxFoto\",\"publisher\":{\"@id\":\"https:\/\/ariaxfoto.sitiomio.es\/#organization\"},\"potentialAction\":[{\"@type\":\"SearchAction\",\"target\":{\"@type\":\"EntryPoint\",\"urlTemplate\":\"https:\/\/ariaxfoto.sitiomio.es\/?s={search_term_string}\"},\"query-input\":\"required name=search_term_string\"}],\"inLanguage\":\"es\"},{\"@type\":\"Organization\",\"@id\":\"https:\/\/ariaxfoto.sitiomio.es\/#organization\",\"name\":\"FOTOGRAF\u00cdA ARIAXFOTO\",\"url\":\"https:\/\/ariaxfoto.sitiomio.es\/\",\"logo\":{\"@type\":\"ImageObject\",\"inLanguage\":\"es\",\"@id\":\"https:\/\/ariaxfoto.sitiomio.es\/#\/schema\/logo\/image\/\",\"url\":\"https:\/\/ariaxfoto.sitiomio.es\/wp-content\/uploads\/2024\/10\/cropped-logo_ariaxfoto.png\",\"contentUrl\":\"https:\/\/ariaxfoto.sitiomio.es\/wp-content\/uploads\/2024\/10\/cropped-logo_ariaxfoto.png\",\"width\":240,\"height\":180,\"caption\":\"FOTOGRAF\u00cdA ARIAXFOTO\"},\"image\":{\"@id\":\"https:\/\/ariaxfoto.sitiomio.es\/#\/schema\/logo\/image\/\"}}]}<\/script>\n<!-- \/ Yoast SEO plugin. -->","yoast_head_json":{"title":"pol\u00edtica de privacidad - FOTOGRAF\u00cdA ARIAXFOTO","robots":{"index":"index","follow":"follow","max-snippet":"max-snippet:-1","max-image-preview":"max-image-preview:large","max-video-preview":"max-video-preview:-1"},"canonical":"https:\/\/ariaxfoto.sitiomio.es\/?page_id=1424","og_locale":"es_ES","og_type":"article","og_title":"pol\u00edtica de privacidad - FOTOGRAF\u00cdA ARIAXFOTO","og_description":"T\u00c9RMINOS DE USO Y POL\u00cdTICA DE PRIVACIDAD&nbsp; &nbsp; AVISO LEGAL En cumplimiento con el deber de informaci\u00f3n recogido en art\u00edculo 10 de la Ley 34\/2002, de 11 de julio, de Servicios de la Sociedad de la Informaci\u00f3n y del Comercio Electr\u00f3nico (LSSI) a continuaci\u00f3n, se reflejan los siguientes datos, as\u00ed como informaci\u00f3n a los usuarios ... Leer m\u00e1s","og_url":"https:\/\/ariaxfoto.sitiomio.es\/?page_id=1424","og_site_name":"FOTOGRAF\u00cdA ARIAXFOTO","twitter_card":"summary_large_image","twitter_misc":{"Tiempo de lectura":"16 minutos"},"schema":{"@context":"https:\/\/schema.org","@graph":[{"@type":"WebPage","@id":"https:\/\/ariaxfoto.sitiomio.es\/?page_id=1424","url":"https:\/\/ariaxfoto.sitiomio.es\/?page_id=1424","name":"pol\u00edtica de privacidad - FOTOGRAF\u00cdA ARIAXFOTO","isPartOf":{"@id":"https:\/\/ariaxfoto.sitiomio.es\/#website"},"datePublished":"2020-11-03T15:35:05+00:00","dateModified":"2020-11-03T15:35:05+00:00","breadcrumb":{"@id":"https:\/\/ariaxfoto.sitiomio.es\/?page_id=1424#breadcrumb"},"inLanguage":"es","potentialAction":[{"@type":"ReadAction","target":["https:\/\/ariaxfoto.sitiomio.es\/?page_id=1424"]}]},{"@type":"BreadcrumbList","@id":"https:\/\/ariaxfoto.sitiomio.es\/?page_id=1424#breadcrumb","itemListElement":[{"@type":"ListItem","position":1,"name":"Portada","item":"https:\/\/ariaxfoto.sitiomio.es\/"},{"@type":"ListItem","position":2,"name":"pol\u00edtica de privacidad"}]},{"@type":"WebSite","@id":"https:\/\/ariaxfoto.sitiomio.es\/#website","url":"https:\/\/ariaxfoto.sitiomio.es\/","name":"FOTOGRAF\u00cdA ARIAXFOTO","description":"AriaxFoto","publisher":{"@id":"https:\/\/ariaxfoto.sitiomio.es\/#organization"},"potentialAction":[{"@type":"SearchAction","target":{"@type":"EntryPoint","urlTemplate":"https:\/\/ariaxfoto.sitiomio.es\/?s={search_term_string}"},"query-input":"required name=search_term_string"}],"inLanguage":"es"},{"@type":"Organization","@id":"https:\/\/ariaxfoto.sitiomio.es\/#organization","name":"FOTOGRAF\u00cdA ARIAXFOTO","url":"https:\/\/ariaxfoto.sitiomio.es\/","logo":{"@type":"ImageObject","inLanguage":"es","@id":"https:\/\/ariaxfoto.sitiomio.es\/#\/schema\/logo\/image\/","url":"https:\/\/ariaxfoto.sitiomio.es\/wp-content\/uploads\/2024\/10\/cropped-logo_ariaxfoto.png","contentUrl":"https:\/\/ariaxfoto.sitiomio.es\/wp-content\/uploads\/2024\/10\/cropped-logo_ariaxfoto.png","width":240,"height":180,"caption":"FOTOGRAF\u00cdA ARIAXFOTO"},"image":{"@id":"https:\/\/ariaxfoto.sitiomio.es\/#\/schema\/logo\/image\/"}}]}},"_links":{"self":[{"href":"https:\/\/ariaxfoto.sitiomio.es\/index.php?rest_route=\/wp\/v2\/pages\/1424","targetHints":{"allow":["GET"]}}],"collection":[{"href":"https:\/\/ariaxfoto.sitiomio.es\/index.php?rest_route=\/wp\/v2\/pages"}],"about":[{"href":"https:\/\/ariaxfoto.sitiomio.es\/index.php?rest_route=\/wp\/v2\/types\/page"}],"author":[{"embeddable":true,"href":"https:\/\/ariaxfoto.sitiomio.es\/index.php?rest_route=\/wp\/v2\/users\/1"}],"replies":[{"embeddable":true,"href":"https:\/\/ariaxfoto.sitiomio.es\/index.php?rest_route=%2Fwp%2Fv2%2Fcomments&post=1424"}],"version-history":[{"count":0,"href":"https:\/\/ariaxfoto.sitiomio.es\/index.php?rest_route=\/wp\/v2\/pages\/1424\/revisions"}],"wp:attachment":[{"href":"https:\/\/ariaxfoto.sitiomio.es\/index.php?rest_route=%2Fwp%2Fv2%2Fmedia&parent=1424"}],"curies":[{"name":"wp","href":"https:\/\/api.w.org\/{rel}","templated":true}]}}